{"version":"1.0","provider_name":"Dr. Stephan Schleim, M.A.","provider_url":"https:\/\/www.schleim.info\/wordpress","author_name":"Stephan Schleim","author_url":"https:\/\/www.schleim.info\/wordpress\/author\/schleimwp\/","title":"Unabh\u00e4ngig kritisch seit 2005 - Dr. Stephan Schleim, M.A.","type":"rich","width":600,"height":338,"html":"<blockquote class=\"wp-embedded-content\" data-secret=\"rktnZq5cOY\"><a href=\"https:\/\/www.schleim.info\/wordpress\/de\/2025\/06\/11\/unabhaengig-kritisch-seit-2005\/\">Unabh\u00e4ngig kritisch seit 2005<\/a><\/blockquote><iframe sandbox=\"allow-scripts\" security=\"restricted\" src=\"https:\/\/www.schleim.info\/wordpress\/de\/2025\/06\/11\/unabhaengig-kritisch-seit-2005\/embed\/#?secret=rktnZq5cOY\" width=\"600\" height=\"338\" title=\"&#8222;Unabh\u00e4ngig kritisch seit 2005&#8220; &#8211; Dr. Stephan Schleim, M.A.\" data-secret=\"rktnZq5cOY\" frameborder=\"0\" marginwidth=\"0\" marginheight=\"0\" scrolling=\"no\" class=\"wp-embedded-content\"><\/iframe><script type=\"text\/javascript\">\n\/* <![CDATA[ *\/\n\/*! This file is auto-generated *\/\n!function(d,l){\"use strict\";l.querySelector&&d.addEventListener&&\"undefined\"!=typeof URL&&(d.wp=d.wp||{},d.wp.receiveEmbedMessage||(d.wp.receiveEmbedMessage=function(e){var t=e.data;if((t||t.secret||t.message||t.value)&&!\/[^a-zA-Z0-9]\/.test(t.secret)){for(var s,r,n,a=l.querySelectorAll('iframe[data-secret=\"'+t.secret+'\"]'),o=l.querySelectorAll('blockquote[data-secret=\"'+t.secret+'\"]'),c=new RegExp(\"^https?:$\",\"i\"),i=0;i<o.length;i++)o[i].style.display=\"none\";for(i=0;i<a.length;i++)s=a[i],e.source===s.contentWindow&&(s.removeAttribute(\"style\"),\"height\"===t.message?(1e3<(r=parseInt(t.value,10))?r=1e3:~~r<200&&(r=200),s.height=r):\"link\"===t.message&&(r=new URL(s.getAttribute(\"src\")),n=new URL(t.value),c.test(n.protocol))&&n.host===r.host&&l.activeElement===s&&(d.top.location.href=t.value))}},d.addEventListener(\"message\",d.wp.receiveEmbedMessage,!1),l.addEventListener(\"DOMContentLoaded\",function(){for(var e,t,s=l.querySelectorAll(\"iframe.wp-embedded-content\"),r=0;r<s.length;r++)(t=(e=s[r]).getAttribute(\"data-secret\"))||(t=Math.random().toString(36).substring(2,12),e.src+=\"#?secret=\"+t,e.setAttribute(\"data-secret\",t)),e.contentWindow.postMessage({message:\"ready\",secret:t},\"*\")},!1)))}(window,document);\n\/\/# sourceURL=https:\/\/www.schleim.info\/wordpress\/wp-includes\/js\/wp-embed.min.js\n\/* ]]> *\/\n<\/script>\n","description":"Stephan Schleim ist Assoziierter Professor f\u00fcr Theoretische Psychologie an der Universit\u00e4t Groningen und Autor verschiedener B\u00fccher \u00fcber Philosophie, Psychologie und Neurowissenschaften. Au\u00dferdem f\u00fchrte er mehrere Forschungsprojekte \u00fcber die Theorie und Ethik der Neurowissenschaften aus. Schwerpunkt seiner Forschung sind die Bedingungen, unter denen wissenschaftliches Wissen produziert und in die \u00d6ffentlichkeit kommuniziert wird. Kontakt via E-Mail: academia &hellip; \u201e\u201c weiterlesen","thumbnail_url":"http:\/\/www.schleim.info\/wordpress\/wp-content\/uploads\/2019\/06\/15-4-19-Stephan-Schleim-10_sq-1024x1024.jpg"}